{"version":"1.0","provider_name":"VRSC","provider_url":"https:\/\/vrsc.lt\/pl\/","author_name":"Darbuotojas","author_url":"https:\/\/vrsc.lt\/pl\/author\/98d05f45758f8903\/","title":"Spotkanie z olimpijczykiem Karolem D\u0105browskim w Niemenczynie - VRSC","type":"rich","width":600,"height":338,"html":"<blockquote class=\"wp-embedded-content\" data-secret=\"YVnNJ2QzFY\"><a href=\"https:\/\/vrsc.lt\/pl\/2024\/04\/spotkanie-z-olimpijczykiem-karolem-dabrowskim-w-niemenczynie\/\">Spotkanie z olimpijczykiem Karolem D\u0105browskim w Niemenczynie<\/a><\/blockquote><iframe sandbox=\"allow-scripts\" security=\"restricted\" src=\"https:\/\/vrsc.lt\/pl\/2024\/04\/spotkanie-z-olimpijczykiem-karolem-dabrowskim-w-niemenczynie\/embed\/#?secret=YVnNJ2QzFY\" width=\"600\" height=\"338\" title=\"&#8222;Spotkanie z olimpijczykiem Karolem D\u0105browskim w Niemenczynie&#8221; &#8212; VRSC\" data-secret=\"YVnNJ2QzFY\" frameborder=\"0\" marginwidth=\"0\" marginheight=\"0\" scrolling=\"no\" class=\"wp-embedded-content\"><\/iframe><script type=\"text\/javascript\">\n\/* <![CDATA[ *\/\n\/*! This file is auto-generated *\/\n!function(d,l){\"use strict\";l.querySelector&&d.addEventListener&&\"undefined\"!=typeof URL&&(d.wp=d.wp||{},d.wp.receiveEmbedMessage||(d.wp.receiveEmbedMessage=function(e){var t=e.data;if((t||t.secret||t.message||t.value)&&!\/[^a-zA-Z0-9]\/.test(t.secret)){for(var s,r,n,a=l.querySelectorAll('iframe[data-secret=\"'+t.secret+'\"]'),o=l.querySelectorAll('blockquote[data-secret=\"'+t.secret+'\"]'),c=new RegExp(\"^https?:$\",\"i\"),i=0;i<o.length;i++)o[i].style.display=\"none\";for(i=0;i<a.length;i++)s=a[i],e.source===s.contentWindow&&(s.removeAttribute(\"style\"),\"height\"===t.message?(1e3<(r=parseInt(t.value,10))?r=1e3:~~r<200&&(r=200),s.height=r):\"link\"===t.message&&(r=new URL(s.getAttribute(\"src\")),n=new URL(t.value),c.test(n.protocol))&&n.host===r.host&&l.activeElement===s&&(d.top.location.href=t.value))}},d.addEventListener(\"message\",d.wp.receiveEmbedMessage,!1),l.addEventListener(\"DOMContentLoaded\",function(){for(var e,t,s=l.querySelectorAll(\"iframe.wp-embedded-content\"),r=0;r<s.length;r++)(t=(e=s[r]).getAttribute(\"data-secret\"))||(t=Math.random().toString(36).substring(2,12),e.src+=\"#?secret=\"+t,e.setAttribute(\"data-secret\",t)),e.contentWindow.postMessage({message:\"ready\",secret:t},\"*\")},!1)))}(window,document);\n\/* ]]> *\/\n<\/script>\n","thumbnail_url":"https:\/\/vrsc.lt\/wp-content\/uploads\/2024\/04\/20240416_181410-1-scaled.jpg","thumbnail_width":2560,"thumbnail_height":1152,"description":"W dniu 16 kwietnia w niemenczy\u0144skiej jednostce strukturalnej Centralnej Biblioteki Samorz\u0105du Rejonu Wile\u0144skiego odby\u0142o si\u0119 spotkanie z cyklu z wybitnymi osobisto\u015bciami Wile\u0144szczyzny, podczas kt\u00f3rego poznali\u015bmy Karola D\u0105browskiego, uczestnika Zimowych Igrzysk Olimpijskich. Karol kr\u00f3tko opowiedzia\u0142 o swojej karierze sportowca i biathlonisty, wyzwaniach, jakie musia\u0142 pokona\u0107, aby osi\u0105ga\u0107 wysokie wyniki. Opowiada\u0142 o osobliwo\u015bciach sportu biathlonowego, inwentarzu. Podzieli\u0142 [&hellip;]"}